{"id":288,"date":"2025-01-09T09:03:21","date_gmt":"2025-01-09T08:03:21","guid":{"rendered":"https:\/\/debaronimmobilier.fr\/?page_id=288"},"modified":"2025-02-16T22:17:05","modified_gmt":"2025-02-16T21:17:05","slug":"accueil-bis","status":"publish","type":"page","link":"https:\/\/debaronimmobilier.fr\/","title":{"rendered":"Accueil"},"content":{"rendered":"<p>[et_pb_section fb_built=\u00a0\u00bb1&Prime; fullwidth=\u00a0\u00bbon\u00a0\u00bb admin_label=\u00a0\u00bbHeader\u00a0\u00bb _builder_version=\u00a0\u00bb4.27.4&Prime; _module_preset=\u00a0\u00bbdefault\u00a0\u00bb custom_margin=\u00a0\u00bb||100px||false|false\u00a0\u00bb top_divider_color=\u00a0\u00bb#FFFFFF\u00a0\u00bb bottom_divider_style=\u00a0\u00bbcurve\u00a0\u00bb bottom_divider_color=\u00a0\u00bb#FFFFFF\u00a0\u00bb bottom_divider_height=\u00a0\u00bb58px\u00a0\u00bb collapsed=\u00a0\u00bboff\u00a0\u00bb global_colors_info=\u00a0\u00bb{}\u00a0\u00bb][et_pb_fullwidth_header title=\u00a0\u00bbVotre s\u00e9r\u00e9nit\u00e9 commence ici : je g\u00e8re, vous profitez\u00a0\u00bb subhead=\u00a0\u00bbAdministrateur de biens sur les Alpres-Maritimes\u00a0\u00bb header_fullscreen=\u00a0\u00bbon\u00a0\u00bb button_one_text=\u00a0\u00bbExtranet bailleur &#038; locataire\u00a0\u00bb button_one_url=\u00a0\u00bbhttps:\/\/debaronimmobilier.mygercop.com\/connexion\/\u00a0\u00bb button_two_text=\u00a0\u00bbPrendre rendez-vous\u00a0\u00bb button_two_url=\u00a0\u00bbcalendly.com\/deborah-pietrzak\u00a0\u00bb _builder_version=\u00a0\u00bb4.27.4&Prime; _module_preset=\u00a0\u00bbdefault\u00a0\u00bb title_text_color=\u00a0\u00bb#262627&Prime; content_text_color=\u00a0\u00bb#5c6c73&Prime; subhead_text_color=\u00a0\u00bb#5c6c73&Prime; background_color=\u00a0\u00bbRGBA(255,255,255,0)\u00a0\u00bb background_image=\u00a0\u00bbhttp:\/\/debaronimmobilier.fr\/wp-content\/uploads\/2025\/01\/pexels-keeganjchecks-12715502-1.jpg\u00a0\u00bb custom_button_one=\u00a0\u00bbon\u00a0\u00bb button_one_text_color=\u00a0\u00bb#FFFFFF\u00a0\u00bb button_one_bg_color=\u00a0\u00bb#262627&Prime; button_one_border_color=\u00a0\u00bbRGBA(255,255,255,0)\u00a0\u00bb button_one_border_radius=\u00a0\u00bb11px\u00a0\u00bb button_one_icon=\u00a0\u00bb&#xf054;||fa||900&Prime; button_one_icon_color=\u00a0\u00bb#FFFFFF\u00a0\u00bb custom_button_two=\u00a0\u00bbon\u00a0\u00bb button_two_text_color=\u00a0\u00bb#FFFFFF\u00a0\u00bb button_two_bg_color=\u00a0\u00bb#262627&Prime; button_two_border_color=\u00a0\u00bbRGBA(255,255,255,0)\u00a0\u00bb button_two_border_radius=\u00a0\u00bb10px\u00a0\u00bb button_two_icon=\u00a0\u00bb&#xf105;||fa||900&Prime; button_two_icon_color=\u00a0\u00bb#FFFFFF\u00a0\u00bb global_colors_info=\u00a0\u00bb{}\u00a0\u00bb][\/et_pb_fullwidth_header][\/et_pb_section][et_pb_section fb_built=\u00a0\u00bb1&Prime; admin_label=\u00a0\u00bbA propos\u00a0\u00bb _builder_version=\u00a0\u00bb4.27.4&Prime; _module_preset=\u00a0\u00bbdefault\u00a0\u00bb collapsed=\u00a0\u00bboff\u00a0\u00bb global_colors_info=\u00a0\u00bb{}\u00a0\u00bb][et_pb_row column_structure=\u00a0\u00bb1_2,1_2&Prime; _builder_version=\u00a0\u00bb4.27.4&Prime; _module_preset=\u00a0\u00bbdefault\u00a0\u00bb global_colors_info=\u00a0\u00bb{}\u00a0\u00bb][et_pb_column type=\u00a0\u00bb1_2&Prime; _builder_version=\u00a0\u00bb4.27.4&Prime; _module_preset=\u00a0\u00bbdefault\u00a0\u00bb global_colors_info=\u00a0\u00bb{}\u00a0\u00bb][et_pb_text _builder_version=\u00a0\u00bb4.27.4&Prime; _module_preset=\u00a0\u00bb6e8baaab-5be1-4120-8036-808c5cd85334&Prime; text_text_color=\u00a0\u00bb#253337&Prime; text_font_size=\u00a0\u00bb35px\u00a0\u00bb background_color=\u00a0\u00bbRGBA(255,255,255,0)\u00a0\u00bb custom_margin=\u00a0\u00bb||50px||false|false\u00a0\u00bb hover_enabled=\u00a0\u00bb0&Prime; global_colors_info=\u00a0\u00bb{}\u00a0\u00bb sticky_enabled=\u00a0\u00bb0&Prime;]<\/p>\n<p><strong>\u00c0 propos<\/strong><\/p>\n<p>[\/et_pb_text][et_pb_text _builder_version=\u00a0\u00bb4.27.4&Prime; _module_preset=\u00a0\u00bbdefault\u00a0\u00bb locked=\u00a0\u00bboff\u00a0\u00bb global_colors_info=\u00a0\u00bb{}\u00a0\u00bb][\/et_pb_text][et_pb_text _builder_version=\u00a0\u00bb4.27.4&Prime; _module_preset=\u00a0\u00bbacbf8aa7-8c1d-4763-86a3-512d8ad11f3d\u00a0\u00bb background_color=\u00a0\u00bbRGBA(255,255,255,0)\u00a0\u00bb custom_margin=\u00a0\u00bb||30px||false|false\u00a0\u00bb global_colors_info=\u00a0\u00bb{}\u00a0\u00bb]<\/p>\n<p>Depuis 2013, je suis sp\u00e9cialis\u00e9e en gestion locative, un domaine qui me passionne pour sa richesse humaine et technique. En 2021, j\u2019ai d\u00e9cid\u00e9 de me lancer en tant qu\u2019ind\u00e9pendante pour offrir une approche diff\u00e9rente, loin des m\u00e9thodes traditionnelles des agences immobili\u00e8res.<\/p>\n<p>Mon objectif ? Vous proposer un accompagnement personnalis\u00e9 et adapt\u00e9 \u00e0 vos besoins. \u00catre \u00e0 l\u2019\u00e9coute, disponible, et proche de mes clients sont pour moi des priorit\u00e9s. En travaillant comme je l\u2019entends, je peux vous garantir une gestion locative sur mesure, efficace et en toute transparence.<\/p>\n<p>Ensemble, construisons une relation de confiance pour valoriser et s\u00e9curiser votre patrimoine immobilier.<\/p>\n<p>[\/et_pb_text][et_pb_button button_url=\u00a0\u00bbhttps:\/\/debaronimmobilier.fr\/index.php\/464-2\/\u00a0\u00bb button_text=\u00a0\u00bbA propos&#8230;\u00a0\u00bb button_alignment=\u00a0\u00bbcenter\u00a0\u00bb _builder_version=\u00a0\u00bb4.27.4&Prime; _module_preset=\u00a0\u00bbbda849c8-aad6-4bf1-af4d-545d139a4a77&Prime; button_border_radius=\u00a0\u00bb10px\u00a0\u00bb hover_enabled=\u00a0\u00bb0&Prime; global_colors_info=\u00a0\u00bb{}\u00a0\u00bb sticky_enabled=\u00a0\u00bb0&Prime;][\/et_pb_button][\/et_pb_column][et_pb_column type=\u00a0\u00bb1_2&Prime; _builder_version=\u00a0\u00bb4.27.4&Prime; _module_preset=\u00a0\u00bbdefault\u00a0\u00bb global_colors_info=\u00a0\u00bb{}\u00a0\u00bb][et_pb_image src=\u00a0\u00bbhttp:\/\/debaronimmobilier.fr\/wp-content\/uploads\/2025\/02\/B57FD0AB-D53F-4DA1-9DCC-DA64DF36F60B.jpeg\u00a0\u00bb alt=\u00a0\u00bbAdministrateur de biens immobilier Antibes\u00a0\u00bb title_text=\u00a0\u00bbB57FD0AB-D53F-4DA1-9DCC-DA64DF36F60B\u00a0\u00bb _builder_version=\u00a0\u00bb4.27.4&Prime; _module_preset=\u00a0\u00bbdefault\u00a0\u00bb global_colors_info=\u00a0\u00bb{}\u00a0\u00bb][\/et_pb_image][\/et_pb_column][\/et_pb_row][\/et_pb_section][et_pb_section fb_built=\u00a0\u00bb1&Prime; admin_label=\u00a0\u00bbServices\u00a0\u00bb _builder_version=\u00a0\u00bb4.27.4&Prime; _module_preset=\u00a0\u00bbdefault\u00a0\u00bb background_color=\u00a0\u00bbRGBA(255,255,255,0)\u00a0\u00bb background_image=\u00a0\u00bbhttp:\/\/debaronimmobilier.fr\/wp-content\/uploads\/2025\/01\/pexels-keeganjchecks-12715585-scaled.jpg\u00a0\u00bb collapsed=\u00a0\u00bboff\u00a0\u00bb global_colors_info=\u00a0\u00bb{}\u00a0\u00bb][et_pb_row _builder_version=\u00a0\u00bb4.22.0&Prime; _module_preset=\u00a0\u00bbdefault\u00a0\u00bb max_width=\u00a0\u00bb700px\u00a0\u00bb collapsed=\u00a0\u00bbon\u00a0\u00bb global_colors_info=\u00a0\u00bb{}\u00a0\u00bb][et_pb_column type=\u00a0\u00bb4_4&Prime; _builder_version=\u00a0\u00bb4.22.0&Prime; _module_preset=\u00a0\u00bbdefault\u00a0\u00bb global_colors_info=\u00a0\u00bb{}\u00a0\u00bb][et_pb_text _builder_version=\u00a0\u00bb4.27.4&Prime; _module_preset=\u00a0\u00bb6e8baaab-5be1-4120-8036-808c5cd85334&Prime; text_text_color=\u00a0\u00bb#253337&Prime; text_font_size=\u00a0\u00bb35px\u00a0\u00bb text_line_height=\u00a0\u00bb2em\u00a0\u00bb text_orientation=\u00a0\u00bbcenter\u00a0\u00bb global_colors_info=\u00a0\u00bb{}\u00a0\u00bb]<\/p>\n<p style=\"text-align: center;\"><strong>Mes services en un coup d&rsquo;oeil<\/strong><\/p>\n<p>[\/et_pb_text][\/et_pb_column][\/et_pb_row][et_pb_row column_structure=\u00a0\u00bb1_2,1_2&Prime; make_equal=\u00a0\u00bbon\u00a0\u00bb custom_padding_last_edited=\u00a0\u00bbon|desktop\u00a0\u00bb _builder_version=\u00a0\u00bb4.27.4&Prime; _module_preset=\u00a0\u00bbdefault\u00a0\u00bb background_color=\u00a0\u00bbRGBA(255,255,255,0)\u00a0\u00bb background_enable_image=\u00a0\u00bboff\u00a0\u00bb custom_padding_tablet=\u00a0\u00bb||0px||false|false\u00a0\u00bb custom_padding_phone=\u00a0\u00bb||0px||false|false\u00a0\u00bb global_colors_info=\u00a0\u00bb{}\u00a0\u00bb][et_pb_column type=\u00a0\u00bb1_2&Prime; _builder_version=\u00a0\u00bb4.27.4&Prime; _module_preset=\u00a0\u00bbdefault\u00a0\u00bb background_color=\u00a0\u00bb#FFFFFF\u00a0\u00bb background_enable_image=\u00a0\u00bboff\u00a0\u00bb custom_padding=\u00a0\u00bb40px|40px|40px|40px|true|true\u00a0\u00bb custom_padding_tablet=\u00a0\u00bb30px|30px|30px|30px|true|true\u00a0\u00bb custom_padding_phone=\u00a0\u00bb20px|20px|20px|20px|true|true\u00a0\u00bb custom_padding_last_edited=\u00a0\u00bbon|tablet\u00a0\u00bb filter_opacity=\u00a0\u00bb80%\u00a0\u00bb border_radii=\u00a0\u00bbon|20px|20px|20px|20px\u00a0\u00bb global_colors_info=\u00a0\u00bb{}\u00a0\u00bb][et_pb_text _builder_version=\u00a0\u00bb4.27.4&Prime; _module_preset=\u00a0\u00bb1ac9b98a-bbfb-4104-bba8-92d6ac16a27f\u00a0\u00bb text_text_color=\u00a0\u00bb#253337&Prime; text_font_size=\u00a0\u00bb30px\u00a0\u00bb text_line_height=\u00a0\u00bb1.9em\u00a0\u00bb text_orientation=\u00a0\u00bbcenter\u00a0\u00bb custom_margin=\u00a0\u00bb||10px||false|false\u00a0\u00bb global_colors_info=\u00a0\u00bb{}\u00a0\u00bb]<\/p>\n<p style=\"text-align: center;\"><strong>Gestion locative<\/strong><\/p>\n<p>[\/et_pb_text][et_pb_text _builder_version=\u00a0\u00bb4.27.4&Prime; _module_preset=\u00a0\u00bb1ac9b98a-bbfb-4104-bba8-92d6ac16a27f\u00a0\u00bb text_text_color=\u00a0\u00bb#253337&Prime; custom_margin=\u00a0\u00bb||10px||false|false\u00a0\u00bb locked=\u00a0\u00bboff\u00a0\u00bb global_colors_info=\u00a0\u00bb{}\u00a0\u00bb]<\/p>\n<p style=\"text-align: center;\"><strong>Une gestion compl\u00e8te pour un investissement serein<\/strong><\/p>\n<p style=\"text-align: center;\"><strong><\/strong><\/p>\n<ul>\n<li>Encaissement des loyers et gestion des charges.<\/li>\n<li>Suivi des travaux et entretien courant.<\/li>\n<li>Assistance juridique et administrative.<\/li>\n<\/ul>\n<p>[\/et_pb_text][et_pb_button button_url=\u00a0\u00bbhttps:\/\/debaronimmobilier.fr\/index.php\/gestion-locative-2\/\u00a0\u00bb button_text=\u00a0\u00bbEn savoir plus\u00a0\u00bb button_alignment=\u00a0\u00bbcenter\u00a0\u00bb _builder_version=\u00a0\u00bb4.27.4&Prime; _module_preset=\u00a0\u00bbbda849c8-aad6-4bf1-af4d-545d139a4a77&Prime; button_border_radius=\u00a0\u00bb10px\u00a0\u00bb hover_enabled=\u00a0\u00bb0&Prime; global_colors_info=\u00a0\u00bb{}\u00a0\u00bb sticky_enabled=\u00a0\u00bb0&Prime;][\/et_pb_button][\/et_pb_column][et_pb_column type=\u00a0\u00bb1_2&Prime; _builder_version=\u00a0\u00bb4.27.4&Prime; _module_preset=\u00a0\u00bbdefault\u00a0\u00bb background_color=\u00a0\u00bb#FFFFFF\u00a0\u00bb background_enable_image=\u00a0\u00bboff\u00a0\u00bb custom_padding=\u00a0\u00bb40px|40px|40px|40px|true|true\u00a0\u00bb custom_padding_tablet=\u00a0\u00bb30px|30px|30px|30px|true|true\u00a0\u00bb custom_padding_phone=\u00a0\u00bb20px|20px|20px|20px|true|true\u00a0\u00bb custom_padding_last_edited=\u00a0\u00bbon|tablet\u00a0\u00bb filter_opacity=\u00a0\u00bb80%\u00a0\u00bb border_radii=\u00a0\u00bbon|20px|20px|20px|20px\u00a0\u00bb global_colors_info=\u00a0\u00bb{}\u00a0\u00bb][et_pb_text _builder_version=\u00a0\u00bb4.27.4&Prime; _module_preset=\u00a0\u00bb1ac9b98a-bbfb-4104-bba8-92d6ac16a27f\u00a0\u00bb text_text_color=\u00a0\u00bb#253337&Prime; text_font_size=\u00a0\u00bb30px\u00a0\u00bb text_line_height=\u00a0\u00bb1.9em\u00a0\u00bb text_orientation=\u00a0\u00bbcenter\u00a0\u00bb custom_margin=\u00a0\u00bb||10px||false|false\u00a0\u00bb global_colors_info=\u00a0\u00bb{}\u00a0\u00bb]<\/p>\n<p style=\"text-align: center;\"><strong>Mise en location<\/strong><\/p>\n<p>[\/et_pb_text][et_pb_text _builder_version=\u00a0\u00bb4.27.4&Prime; _module_preset=\u00a0\u00bb1ac9b98a-bbfb-4104-bba8-92d6ac16a27f\u00a0\u00bb text_text_color=\u00a0\u00bb#253337&Prime; custom_margin=\u00a0\u00bb||10px||false|false\u00a0\u00bb locked=\u00a0\u00bboff\u00a0\u00bb global_colors_info=\u00a0\u00bb{}\u00a0\u00bb]<\/p>\n<p style=\"text-align: center;\"><strong>Trouver le locataire id\u00e9al, sans tracas<\/strong><\/p>\n<p style=\"text-align: center;\"><strong><\/strong><\/p>\n<ul>\n<li>Recherche et s\u00e9lection rigoureuse des candidats.<\/li>\n<li>R\u00e9daction du bail et \u00e9tat des lieux d\u00e9taill\u00e9.<\/li>\n<li>Service d\u00e9di\u00e9 aux propri\u00e9taires ne souhaitant pas une gestion compl\u00e8te.<\/li>\n<\/ul>\n<p>[\/et_pb_text][et_pb_button button_url=\u00a0\u00bbhttps:\/\/debaronimmobilier.fr\/index.php\/mise-en-location\/\u00a0\u00bb button_text=\u00a0\u00bbEn savoir plus\u00a0\u00bb button_alignment=\u00a0\u00bbcenter\u00a0\u00bb _builder_version=\u00a0\u00bb4.27.4&Prime; _module_preset=\u00a0\u00bbbda849c8-aad6-4bf1-af4d-545d139a4a77&Prime; button_border_radius=\u00a0\u00bb10px\u00a0\u00bb global_colors_info=\u00a0\u00bb{}\u00a0\u00bb][\/et_pb_button][\/et_pb_column][\/et_pb_row][et_pb_row column_structure=\u00a0\u00bb1_2,1_2&Prime; _builder_version=\u00a0\u00bb4.27.4&Prime; _module_preset=\u00a0\u00bbdefault\u00a0\u00bb background_enable_image=\u00a0\u00bboff\u00a0\u00bb global_colors_info=\u00a0\u00bb{}\u00a0\u00bb][et_pb_column type=\u00a0\u00bb1_2&Prime; _builder_version=\u00a0\u00bb4.27.4&Prime; _module_preset=\u00a0\u00bbdefault\u00a0\u00bb background_color=\u00a0\u00bb#FFFFFF\u00a0\u00bb background_enable_image=\u00a0\u00bboff\u00a0\u00bb custom_padding=\u00a0\u00bb40px|40px|40px|40px|true|true\u00a0\u00bb custom_padding_tablet=\u00a0\u00bb30px|30px|30px|30px|true|true\u00a0\u00bb custom_padding_phone=\u00a0\u00bb20px|20px|20px|20px|true|true\u00a0\u00bb custom_padding_last_edited=\u00a0\u00bbon|tablet\u00a0\u00bb filter_opacity=\u00a0\u00bb80%\u00a0\u00bb border_radii=\u00a0\u00bbon|20px|20px|20px|20px\u00a0\u00bb global_colors_info=\u00a0\u00bb{}\u00a0\u00bb][et_pb_text _builder_version=\u00a0\u00bb4.27.4&Prime; _module_preset=\u00a0\u00bb1ac9b98a-bbfb-4104-bba8-92d6ac16a27f\u00a0\u00bb text_text_color=\u00a0\u00bb#253337&Prime; text_font_size=\u00a0\u00bb30px\u00a0\u00bb text_line_height=\u00a0\u00bb1.9em\u00a0\u00bb text_orientation=\u00a0\u00bbcenter\u00a0\u00bb custom_margin=\u00a0\u00bb||10px||false|false\u00a0\u00bb global_colors_info=\u00a0\u00bb{}\u00a0\u00bb]<\/p>\n<p><strong>Investissement Immobilier<\/strong><\/p>\n<p>[\/et_pb_text][et_pb_text _builder_version=\u00a0\u00bb4.27.4&Prime; _module_preset=\u00a0\u00bb1ac9b98a-bbfb-4104-bba8-92d6ac16a27f\u00a0\u00bb text_text_color=\u00a0\u00bb#253337&Prime; custom_margin=\u00a0\u00bb||10px||false|false\u00a0\u00bb locked=\u00a0\u00bboff\u00a0\u00bb global_colors_info=\u00a0\u00bb{}\u00a0\u00bb]<\/p>\n<p style=\"text-align: center;\"><strong>Ensemble, optimisons votre investissement pour maximiser vos rendements en toute s\u00e9r\u00e9nit\u00e9<\/strong><\/p>\n<p style=\"text-align: center;\"><strong><\/strong><\/p>\n<ul>\n<li>Accompagnement personnalis\u00e9 pour la recherche du bien id\u00e9al<\/li>\n<li>Analyse approfondie de la rentabilit\u00e9 et du potentiel de chaque bien<\/li>\n<li>Identification des opportunit\u00e9s avec le meilleur rapport qualit\u00e9\/prix<\/li>\n<\/ul>\n<p>[\/et_pb_text][et_pb_button button_url=\u00a0\u00bbhttps:\/\/debaronimmobilier.fr\/index.php\/achat-dun-investissement\/\u00a0\u00bb button_text=\u00a0\u00bbEn savoir plus\u00a0\u00bb button_alignment=\u00a0\u00bbcenter\u00a0\u00bb _builder_version=\u00a0\u00bb4.27.4&Prime; _module_preset=\u00a0\u00bbbda849c8-aad6-4bf1-af4d-545d139a4a77&Prime; button_border_radius=\u00a0\u00bb10px\u00a0\u00bb global_colors_info=\u00a0\u00bb{}\u00a0\u00bb][\/et_pb_button][\/et_pb_column][et_pb_column type=\u00a0\u00bb1_2&Prime; _builder_version=\u00a0\u00bb4.27.4&Prime; _module_preset=\u00a0\u00bbdefault\u00a0\u00bb background_color=\u00a0\u00bb#FFFFFF\u00a0\u00bb background_enable_image=\u00a0\u00bboff\u00a0\u00bb custom_padding=\u00a0\u00bb40px|40px|40px|40px|true|true\u00a0\u00bb custom_padding_tablet=\u00a0\u00bb30px|30px|30px|30px|true|true\u00a0\u00bb custom_padding_phone=\u00a0\u00bb20px|20px|20px|20px|true|true\u00a0\u00bb custom_padding_last_edited=\u00a0\u00bbon|tablet\u00a0\u00bb filter_opacity=\u00a0\u00bb80%\u00a0\u00bb border_radii=\u00a0\u00bbon|20px|20px|20px|20px\u00a0\u00bb global_colors_info=\u00a0\u00bb{}\u00a0\u00bb][et_pb_text _builder_version=\u00a0\u00bb4.27.4&Prime; _module_preset=\u00a0\u00bb1ac9b98a-bbfb-4104-bba8-92d6ac16a27f\u00a0\u00bb text_text_color=\u00a0\u00bb#253337&Prime; text_font_size=\u00a0\u00bb30px\u00a0\u00bb text_line_height=\u00a0\u00bb1.9em\u00a0\u00bb text_orientation=\u00a0\u00bbcenter\u00a0\u00bb custom_margin=\u00a0\u00bb||10px||false|false\u00a0\u00bb global_colors_info=\u00a0\u00bb{}\u00a0\u00bb]<\/p>\n<p style=\"text-align: center;\"><strong>Vente immobili\u00e8re<\/strong><\/p>\n<p>[\/et_pb_text][et_pb_text _builder_version=\u00a0\u00bb4.27.4&Prime; _module_preset=\u00a0\u00bb1ac9b98a-bbfb-4104-bba8-92d6ac16a27f\u00a0\u00bb text_text_color=\u00a0\u00bb#253337&Prime; custom_margin=\u00a0\u00bb||10px||false|false\u00a0\u00bb locked=\u00a0\u00bboff\u00a0\u00bb global_colors_info=\u00a0\u00bb{}\u00a0\u00bb]<\/p>\n<p style=\"text-align: center;\"><strong>Je vous accompagne dans chaque \u00e9tape pour vendre rapidement et au meilleur prix<\/strong><\/p>\n<ul>\n<li>Estimation pr\u00e9cise de votre bien.<\/li>\n<li>Strat\u00e9gie de mise en valeur (home staging, photos professionnelles).<\/li>\n<li>Gestion des visites et n\u00e9gociations.<\/li>\n<\/ul>\n<p>&nbsp;<\/p>\n<p>[\/et_pb_text][et_pb_button button_url=\u00a0\u00bbhttps:\/\/debaronimmobilier.fr\/index.php\/mise-en-vente\/\u00a0\u00bb button_text=\u00a0\u00bbEn savoir plus\u00a0\u00bb button_alignment=\u00a0\u00bbcenter\u00a0\u00bb _builder_version=\u00a0\u00bb4.27.4&Prime; _module_preset=\u00a0\u00bbbda849c8-aad6-4bf1-af4d-545d139a4a77&Prime; button_border_radius=\u00a0\u00bb10px\u00a0\u00bb global_colors_info=\u00a0\u00bb{}\u00a0\u00bb][\/et_pb_button][\/et_pb_column][\/et_pb_row][\/et_pb_section][et_pb_section fb_built=\u00a0\u00bb1&Prime; admin_label=\u00a0\u00bbFeatures\u00a0\u00bb _builder_version=\u00a0\u00bb4.27.4&Prime; _module_preset=\u00a0\u00bbdefault\u00a0\u00bb background_color=\u00a0\u00bbRGBA(255,255,255,0)\u00a0\u00bb collapsed=\u00a0\u00bbon\u00a0\u00bb global_colors_info=\u00a0\u00bb{}\u00a0\u00bb][et_pb_row column_structure=\u00a0\u00bb1_2,1_2&Prime; _builder_version=\u00a0\u00bb4.27.4&Prime; _module_preset=\u00a0\u00bbdefault\u00a0\u00bb width=\u00a0\u00bb100%\u00a0\u00bb collapsed=\u00a0\u00bboff\u00a0\u00bb global_colors_info=\u00a0\u00bb{}\u00a0\u00bb][et_pb_column type=\u00a0\u00bb1_2&Prime; _builder_version=\u00a0\u00bb4.22.0&Prime; _module_preset=\u00a0\u00bbdefault\u00a0\u00bb background_image=\u00a0\u00bbhttp:\/\/debaronimmobilier.fr\/wp-content\/uploads\/2025\/01\/senior-care-4.png\u00a0\u00bb background_size=\u00a0\u00bbcontain\u00a0\u00bb custom_padding=\u00a0\u00bb8vw|11%|4vw|11%|false|true\u00a0\u00bb global_colors_info=\u00a0\u00bb{}\u00a0\u00bb][et_pb_number_counter title=\u00a0\u00bbBailleurs\u00a0\u00bb number=\u00a0\u00bb1k+\u00a0\u00bb _builder_version=\u00a0\u00bb4.27.4&Prime; _module_preset=\u00a0\u00bb08561149-f865-4cd9-860b-51af2b557eae\u00a0\u00bb background_image=\u00a0\u00bbhttp:\/\/debaronimmobilier.fr\/wp-content\/uploads\/2025\/01\/DE489E90-A76A-49AA-A80A-70AD9ED95E4B.png\u00a0\u00bb background_size=\u00a0\u00bbcontain\u00a0\u00bb custom_margin=\u00a0\u00bb||||false|false\u00a0\u00bb custom_padding=\u00a0\u00bb60px|60px|60px|60px|true|true\u00a0\u00bb custom_padding_tablet=\u00a0\u00bb60px|60px|60px|60px|true|true\u00a0\u00bb custom_padding_phone=\u00a0\u00bb40px|40px|40px|40px|true|true\u00a0\u00bb custom_padding_last_edited=\u00a0\u00bbon|tablet\u00a0\u00bb locked=\u00a0\u00bboff\u00a0\u00bb global_colors_info=\u00a0\u00bb{}\u00a0\u00bb][\/et_pb_number_counter][et_pb_text _builder_version=\u00a0\u00bb4.27.4&Prime; _module_preset=\u00a0\u00bbdefault\u00a0\u00bb global_colors_info=\u00a0\u00bb{}\u00a0\u00bb]<pre class=\"ti-widget\" style=\"display: none\"><template id=\"trustindex-facebook-widget-html\"><div class=\"ti-widget ti-face ti-review-text-mode-readmore ti-text-align-left\" data-no-translation=\"true\" data-widget-default-closed=\"0\" data-widget-default-closed-mobile=\"1\" data-layout-id=\"53\" data-layout-category=\"floating\" data-set-id=\"light-background\" data-pid=\"\" data-language=\"fr\" data-css-version=\"2\" data-review-text-mode=\"readmore\" data-reply-by-locale=\"R\u00e9ponse du propri\u00e9taire\" data-pager-autoplay-timeout=\"6\" > <div class=\"ti-widget-container ti-col-1\"> <div class=\"disable-widget source-Facebook\" aria-label=\"Fermer\" role=\"button\"><\/div> <div class=\"ti-header source-Facebook\"> <div class=\"ti-rating-text\"> <strong class=\"ti-rating\"> Avis EXCELLENT <\/strong> <br \/> <span class=\"nowrap\">Bas\u00e9e sur 2 avis<\/span> <\/div>  <div class=\"ti-logo-stars-flex\"> <div class=\"ti-logo\"> <trustindex-image class=\"ti-logo-fb\" data-imgurl=\"https:\/\/cdn.trustindex.io\/assets\/platform\/Facebook\/logo.svg\" alt=\"Facebook\" ><\/trustindex-image> <\/div> <span class=\"ti-stars\"><trustindex-image class=\"ti-star\" data-imgurl=\"https:\/\/cdn.trustindex.io\/assets\/platform\/Facebook\/star\/f.svg\" alt=\"Facebook\" width=\"17\" height=\"17\" loading=\"lazy\" ><\/trustindex-image><trustindex-image class=\"ti-star\" data-imgurl=\"https:\/\/cdn.trustindex.io\/assets\/platform\/Facebook\/star\/f.svg\" alt=\"Facebook\" width=\"17\" height=\"17\" loading=\"lazy\" ><\/trustindex-image><trustindex-image class=\"ti-star\" data-imgurl=\"https:\/\/cdn.trustindex.io\/assets\/platform\/Facebook\/star\/f.svg\" alt=\"Facebook\" width=\"17\" height=\"17\" loading=\"lazy\" ><\/trustindex-image><trustindex-image class=\"ti-star\" data-imgurl=\"https:\/\/cdn.trustindex.io\/assets\/platform\/Facebook\/star\/f.svg\" alt=\"Facebook\" width=\"17\" height=\"17\" loading=\"lazy\" ><\/trustindex-image><trustindex-image class=\"ti-star\" data-imgurl=\"https:\/\/cdn.trustindex.io\/assets\/platform\/Facebook\/star\/f.svg\" alt=\"Facebook\" width=\"17\" height=\"17\" loading=\"lazy\" ><\/trustindex-image><\/span> <\/div> <\/div> <div class=\"ti-reviews-container\"> <div class=\"ti-reviews-container-wrapper\">  <div data-empty=\"0\" class=\"ti-review-item source-Facebook ti-image-layout-thumbnail\" data-id=\"cfcd208495d565ef66e7dff9f98764da\" > <div class=\"ti-inner\"> <span class=\"ti-stars\"><span class=\"ti-recommendation\"><trustindex-image class=\"ti-recommendation-icon\" data-imgurl=\"https:\/\/cdn.trustindex.io\/assets\/platform\/Facebook\/recommendation-positive.svg\" alt=\"Facebook\" width=\"15\" height=\"15\" loading=\"lazy\" ><\/trustindex-image><span class=\"ti-recommendation-title\">recommande<\/span><\/span><span class=\"ti-dummy-stars\"><span class=\"ti-star f\"><\/span><span class=\"ti-star f\"><\/span><span class=\"ti-star f\"><\/span><span class=\"ti-star f\"><\/span><span class=\"ti-star f\"><\/span><\/span><\/span> <div class=\"ti-review-text-container ti-review-content\" data-max-height=\"1\"><!-- R-CONTENT -->D\u00e9borah Pietrzak connait parfaitement le monde de l'immobilier depuis de nombreuses ann\u00e9es. Son expertise et son s\u00e9rieux dans ce domaine vous aidera \u00e0 trouver le bien qu'il vous faut !<!-- R-CONTENT --><\/div> <span class=\"ti-read-more\" data-container=\".ti-review-content\" data-collapse-text=\"Cacher\" data-open-text=\"Lire la suite\" ><\/span> <div class=\"ti-review-header\"> <div class=\"ti-profile-img\"> <trustindex-image data-imgurl=\"https:\/\/graph.facebook.com\/8651936978262364\/picture?access_token=EAACW8aYRzLUBOxlwqwZCHf3I5K73sdmGyXk6r6O01uZAQv6u2FjCJzAk3aBXZAvSUM84bqOEdDOZBuK3m8O7eESjXNLJ3bZBfntQxVtxKXEaRFVtGzSXqBSCJiSkj89wzXtzLeWsp12AqVOMWKk18ZAOxGB1fJ4ru2ZAtzLmwgGfZBqBU95GjmAbzCThzKzohHQEFZAddzyZBiz1qQ&type=square&width=80\" data-imgurlset=\"https:\/\/graph.facebook.com\/8651936978262364\/picture?access_token=EAACW8aYRzLUBOxlwqwZCHf3I5K73sdmGyXk6r6O01uZAQv6u2FjCJzAk3aBXZAvSUM84bqOEdDOZBuK3m8O7eESjXNLJ3bZBfntQxVtxKXEaRFVtGzSXqBSCJiSkj89wzXtzLeWsp12AqVOMWKk18ZAOxGB1fJ4ru2ZAtzLmwgGfZBqBU95GjmAbzCThzKzohHQEFZAddzyZBiz1qQ&type=square&width=80 2x\" alt=\"Micka\u00ebl Maia\" loading=\"lazy\" ><\/trustindex-image> <\/div> <div class=\"ti-profile-details\"> <div class=\"ti-name\"> Micka\u00ebl Maia <\/div> <div class=\"ti-date\">23\/09\/2021<\/div> <\/div> <\/div> <\/div> <\/div>  <div data-empty=\"0\" class=\"ti-review-item source-Facebook ti-image-layout-thumbnail\" data-id=\"cfcd208495d565ef66e7dff9f98764da\" > <div class=\"ti-inner\"> <span class=\"ti-stars\"><span class=\"ti-recommendation\"><trustindex-image class=\"ti-recommendation-icon\" data-imgurl=\"https:\/\/cdn.trustindex.io\/assets\/platform\/Facebook\/recommendation-positive.svg\" alt=\"Facebook\" width=\"15\" height=\"15\" loading=\"lazy\" ><\/trustindex-image><span class=\"ti-recommendation-title\">recommande<\/span><\/span><span class=\"ti-dummy-stars\"><span class=\"ti-star f\"><\/span><span class=\"ti-star f\"><\/span><span class=\"ti-star f\"><\/span><span class=\"ti-star f\"><\/span><span class=\"ti-star f\"><\/span><\/span><\/span> <div class=\"ti-review-text-container ti-review-content\" data-max-height=\"1\"><!-- R-CONTENT -->Elle est tr\u00e8s professionnelle \ud83d\udc4d<!-- R-CONTENT --><\/div> <span class=\"ti-read-more\" data-container=\".ti-review-content\" data-collapse-text=\"Cacher\" data-open-text=\"Lire la suite\" ><\/span> <div class=\"ti-review-header\"> <div class=\"ti-profile-img\"> <trustindex-image data-imgurl=\"https:\/\/graph.facebook.com\/27995955993352590\/picture?access_token=EAACW8aYRzLUBOxlwqwZCHf3I5K73sdmGyXk6r6O01uZAQv6u2FjCJzAk3aBXZAvSUM84bqOEdDOZBuK3m8O7eESjXNLJ3bZBfntQxVtxKXEaRFVtGzSXqBSCJiSkj89wzXtzLeWsp12AqVOMWKk18ZAOxGB1fJ4ru2ZAtzLmwgGfZBqBU95GjmAbzCThzKzohHQEFZAddzyZBiz1qQ&type=square&width=80\" data-imgurlset=\"https:\/\/graph.facebook.com\/27995955993352590\/picture?access_token=EAACW8aYRzLUBOxlwqwZCHf3I5K73sdmGyXk6r6O01uZAQv6u2FjCJzAk3aBXZAvSUM84bqOEdDOZBuK3m8O7eESjXNLJ3bZBfntQxVtxKXEaRFVtGzSXqBSCJiSkj89wzXtzLeWsp12AqVOMWKk18ZAOxGB1fJ4ru2ZAtzLmwgGfZBqBU95GjmAbzCThzKzohHQEFZAddzyZBiz1qQ&type=square&width=80 2x\" alt=\"Marie Pierre Denier\" loading=\"lazy\" ><\/trustindex-image> <\/div> <div class=\"ti-profile-details\"> <div class=\"ti-name\"> Marie Pierre Denier <\/div> <div class=\"ti-date\">17\/07\/2021<\/div> <\/div> <\/div> <\/div> <\/div>  <\/div> <\/div> <div class=\"ti-controls\"> <div class=\"ti-next\" aria-label=\"Avis suivante\" role=\"button\"><\/div> <div class=\"ti-prev\" aria-label=\"Avis pr\u00e9c\u00e9dent\" role=\"button\"><\/div> <\/div> <\/div> <\/div> <\/template><\/pre><div data-src=\"https:\/\/cdn.trustindex.io\/loader.js?wp-widget\" data-template-id=\"trustindex-facebook-widget-html\" data-css-url=\"https:\/\/debaronimmobilier.fr\/wp-content\/uploads\/trustindex-facebook-widget.css?1740151865\"><\/div>[\/et_pb_text][\/et_pb_column][et_pb_column type=\u00a0\u00bb1_2&Prime; _builder_version=\u00a0\u00bb4.22.0&Prime; _module_preset=\u00a0\u00bbdefault\u00a0\u00bb global_colors_info=\u00a0\u00bb{}\u00a0\u00bb][et_pb_text _builder_version=\u00a0\u00bb4.27.4&Prime; _module_preset=\u00a0\u00bb6e8baaab-5be1-4120-8036-808c5cd85334&Prime; text_text_color=\u00a0\u00bb#9db5c0&Prime; text_font_size=\u00a0\u00bb35px\u00a0\u00bb text_line_height=\u00a0\u00bb2em\u00a0\u00bb text_orientation=\u00a0\u00bbcenter\u00a0\u00bb global_colors_info=\u00a0\u00bb{}\u00a0\u00bb]<\/p>\n<p style=\"text-align: center;\"><strong>Pourquoi me confier votre bien ? <\/strong><\/p>\n<p>[\/et_pb_text][et_pb_blurb title=\u00a0\u00bbUne tranquillit\u00e9 d&rsquo;esprit au quotidien\u00a0\u00bb use_icon=\u00a0\u00bbon\u00a0\u00bb font_icon=\u00a0\u00bb&#x4e;||divi||400&Prime; _builder_version=\u00a0\u00bb4.27.4&Prime; _module_preset=\u00a0\u00bbe848615f-1c62-4473-bbd0-e30c4552dec0&Prime; custom_margin=\u00a0\u00bb||10px||false|false\u00a0\u00bb locked=\u00a0\u00bboff\u00a0\u00bb global_colors_info=\u00a0\u00bb{}\u00a0\u00bb]Je m\u2019occupe de tout, du paiement des loyers \u00e0 la r\u00e9solution des probl\u00e8mes courants, en passant par la gestion des impr\u00e9vus. Vous n\u2019avez qu\u2019\u00e0 profiter des revenus locatifs en toute s\u00e9r\u00e9nit\u00e9.[\/et_pb_blurb][et_pb_blurb title=\u00a0\u00bbUne expertise reconnue\u00a0\u00bb use_icon=\u00a0\u00bbon\u00a0\u00bb font_icon=\u00a0\u00bb&#x4e;||divi||400&Prime; _builder_version=\u00a0\u00bb4.27.4&Prime; _module_preset=\u00a0\u00bbe848615f-1c62-4473-bbd0-e30c4552dec0&Prime; custom_margin=\u00a0\u00bb||10px||false|false\u00a0\u00bb locked=\u00a0\u00bboff\u00a0\u00bb global_colors_info=\u00a0\u00bb{}\u00a0\u00bb]Avec mon exp\u00e9rience et ma connaissance approfondie des r\u00e8glementations immobili\u00e8res, je veille \u00e0 ce que votre bien soit lou\u00e9 dans des conditions optimales et en conformit\u00e9 avec les lois en vigueur.[\/et_pb_blurb][et_pb_blurb title=\u00a0\u00bbUne gestion personnalis\u00e9e\u00a0\u00bb use_icon=\u00a0\u00bbon\u00a0\u00bb font_icon=\u00a0\u00bb&#x4e;||divi||400&Prime; _builder_version=\u00a0\u00bb4.27.4&Prime; _module_preset=\u00a0\u00bbe848615f-1c62-4473-bbd0-e30c4552dec0&Prime; custom_margin=\u00a0\u00bb||10px||false|false\u00a0\u00bb hover_enabled=\u00a0\u00bb0&Prime; locked=\u00a0\u00bboff\u00a0\u00bb global_colors_info=\u00a0\u00bb{}\u00a0\u00bb sticky_enabled=\u00a0\u00bb0&Prime;]<\/p>\n<p>Chaque bien est unique, tout comme vos attentes. Je propose des solutions adapt\u00e9es \u00e0 votre situation :<\/p>\n<p>S\u00e9lection rigoureuse des locataires.<\/p>\n<p>Suivi et conseil pour pr\u00e9server la valeur de votre patrimoine.<\/p>\n<p>[\/et_pb_blurb][et_pb_blurb title=\u00a0\u00bbUne communication transparente\u00a0\u00bb use_icon=\u00a0\u00bbon\u00a0\u00bb font_icon=\u00a0\u00bb&#x4e;||divi||400&Prime; _builder_version=\u00a0\u00bb4.27.4&Prime; _module_preset=\u00a0\u00bbe848615f-1c62-4473-bbd0-e30c4552dec0&Prime; custom_margin=\u00a0\u00bb||10px||false|false\u00a0\u00bb locked=\u00a0\u00bboff\u00a0\u00bb global_colors_info=\u00a0\u00bb{}\u00a0\u00bb]En tant qu&rsquo;ind\u00e9pendante, je suis disponible et accessible. Vous \u00eates toujours inform\u00e9 des d\u00e9cisions importantes concernant votre bien.[\/et_pb_blurb][et_pb_blurb title=\u00a0\u00bbUn interlocuteur unique\u00a0\u00bb use_icon=\u00a0\u00bbon\u00a0\u00bb font_icon=\u00a0\u00bb&#x4e;||divi||400&Prime; _builder_version=\u00a0\u00bb4.27.4&Prime; _module_preset=\u00a0\u00bbe848615f-1c62-4473-bbd0-e30c4552dec0&Prime; custom_margin=\u00a0\u00bb||10px||false|false\u00a0\u00bb locked=\u00a0\u00bboff\u00a0\u00bb global_colors_info=\u00a0\u00bb{}\u00a0\u00bb]Pas de gestion impersonnelle ou d\u2019interm\u00e9diaires multiples. En travaillant avec moi, vous avez un contact direct pour toutes vos questions ou besoins.[\/et_pb_blurb][\/et_pb_column][\/et_pb_row][\/et_pb_section][et_pb_section fb_built=\u00a0\u00bb1&Prime; admin_label=\u00a0\u00bbFooter CTA\u00a0\u00bb _builder_version=\u00a0\u00bb4.22.0&Prime; _module_preset=\u00a0\u00bbdefault\u00a0\u00bb custom_padding=\u00a0\u00bb||0px||false|false\u00a0\u00bb bottom_divider_style=\u00a0\u00bbcurve\u00a0\u00bb bottom_divider_color=\u00a0\u00bbgcid-177a5697-02fd-46ba-bfa9-5a099a3378ae\u00a0\u00bb bottom_divider_flip=\u00a0\u00bbvertical\u00a0\u00bb collapsed=\u00a0\u00bbon\u00a0\u00bb global_colors_info=\u00a0\u00bb{%22gcid-177a5697-02fd-46ba-bfa9-5a099a3378ae%22:%91%22bottom_divider_color%22%93}\u00a0\u00bb][et_pb_row custom_padding_last_edited=\u00a0\u00bbon|tablet\u00a0\u00bb _builder_version=\u00a0\u00bb4.27.4&Prime; _module_preset=\u00a0\u00bbdefault\u00a0\u00bb background_color=\u00a0\u00bb#9DB5C0&Prime; custom_padding=\u00a0\u00bb60px|60px|60px|60px|true|true\u00a0\u00bb custom_padding_tablet=\u00a0\u00bb|30px||30px|true|true\u00a0\u00bb custom_padding_phone=\u00a0\u00bb30px|20px|30px|20px|true|true\u00a0\u00bb filter_opacity=\u00a0\u00bb82%\u00a0\u00bb border_radii=\u00a0\u00bbon|20px|20px|20px|20px\u00a0\u00bb global_colors_info=\u00a0\u00bb{}\u00a0\u00bb][et_pb_column type=\u00a0\u00bb4_4&Prime; _builder_version=\u00a0\u00bb4.22.0&Prime; _module_preset=\u00a0\u00bbdefault\u00a0\u00bb global_colors_info=\u00a0\u00bb{}\u00a0\u00bb][et_pb_text _builder_version=\u00a0\u00bb4.27.4&Prime; _module_preset=\u00a0\u00bb1ac9b98a-bbfb-4104-bba8-92d6ac16a27f\u00a0\u00bb text_text_color=\u00a0\u00bb#002b38&Prime; text_orientation=\u00a0\u00bbcenter\u00a0\u00bb max_width=\u00a0\u00bb700px\u00a0\u00bb module_alignment=\u00a0\u00bbcenter\u00a0\u00bb global_colors_info=\u00a0\u00bb{}\u00a0\u00bb]<\/p>\n<h3><strong>Gagnez du temps et de la tranquillit\u00e9 : contactez-moi pour une gestion immobili\u00e8re sur-mesure<\/strong><\/h3>\n<p>[\/et_pb_text][et_pb_button button_url=\u00a0\u00bbhttps:\/\/debaronimmobilier.fr\/index.php\/412-2\/\u00a0\u00bb button_text=\u00a0\u00bbContactez-moi\u00a0\u00bb button_alignment=\u00a0\u00bbcenter\u00a0\u00bb _builder_version=\u00a0\u00bb4.27.4&Prime; _module_preset=\u00a0\u00bbbda849c8-aad6-4bf1-af4d-545d139a4a77&Prime; button_border_radius=\u00a0\u00bb10px\u00a0\u00bb global_colors_info=\u00a0\u00bb{}\u00a0\u00bb][\/et_pb_button][\/et_pb_column][\/et_pb_row][\/et_pb_section][et_pb_section fb_built=\u00a0\u00bb1&Prime; admin_label=\u00a0\u00bbFooter Links\u00a0\u00bb _builder_version=\u00a0\u00bb4.22.0&Prime; _module_preset=\u00a0\u00bbdefault\u00a0\u00bb background_color=\u00a0\u00bbgcid-177a5697-02fd-46ba-bfa9-5a099a3378ae\u00a0\u00bb saved_tabs=\u00a0\u00bball\u00a0\u00bb collapsed=\u00a0\u00bbon\u00a0\u00bb global_colors_info=\u00a0\u00bb{%22gcid-177a5697-02fd-46ba-bfa9-5a099a3378ae%22:%91%22background_color%22%93}\u00a0\u00bb][et_pb_row _builder_version=\u00a0\u00bb4.22.0&Prime; _module_preset=\u00a0\u00bbdefault\u00a0\u00bb custom_padding=\u00a0\u00bb||0px||false|false\u00a0\u00bb global_colors_info=\u00a0\u00bb{}\u00a0\u00bb][et_pb_column type=\u00a0\u00bb4_4&Prime; _builder_version=\u00a0\u00bb4.22.0&Prime; _module_preset=\u00a0\u00bbdefault\u00a0\u00bb global_colors_info=\u00a0\u00bb{}\u00a0\u00bb][et_pb_image src=\u00a0\u00bbhttp:\/\/debaronimmobilier.fr\/wp-content\/uploads\/2025\/01\/08037C9B-6763-4B91-A051-1608968BE995.png\u00a0\u00bb alt=\u00a0\u00bbDe Baron immobilier\u00a0\u00bb title_text=\u00a0\u00bb08037C9B-6763-4B91-A051-1608968BE995&Prime; align=\u00a0\u00bbcenter\u00a0\u00bb _builder_version=\u00a0\u00bb4.27.4&Prime; _module_preset=\u00a0\u00bbdefault\u00a0\u00bb width=\u00a0\u00bb50%\u00a0\u00bb max_width=\u00a0\u00bb100%\u00a0\u00bb global_colors_info=\u00a0\u00bb{}\u00a0\u00bb][\/et_pb_image][\/et_pb_column][\/et_pb_row][et_pb_row column_structure=\u00a0\u00bb1_2,1_4,1_4&Prime; _builder_version=\u00a0\u00bb4.22.0&Prime; _module_preset=\u00a0\u00bbdefault\u00a0\u00bb collapsed=\u00a0\u00bbon\u00a0\u00bb global_colors_info=\u00a0\u00bb{}\u00a0\u00bb][et_pb_column type=\u00a0\u00bb1_2&Prime; _builder_version=\u00a0\u00bb4.22.0&Prime; _module_preset=\u00a0\u00bbdefault\u00a0\u00bb global_colors_info=\u00a0\u00bb{}\u00a0\u00bb][et_pb_text _builder_version=\u00a0\u00bb4.27.4&Prime; _module_preset=\u00a0\u00bbacbf8aa7-8c1d-4763-86a3-512d8ad11f3d\u00a0\u00bb text_text_color=\u00a0\u00bb#9DB5C0&Prime; max_width=\u00a0\u00bb400px\u00a0\u00bb global_colors_info=\u00a0\u00bb{}\u00a0\u00bb]<\/p>\n<p><strong>Je comprends les d\u00e9fis uniques auxquels sont confront\u00e9s les propri\u00e9taires et investisseurs immobiliers. C\u2019est pourquoi je m&rsquo;engage \u00e0 offrir des services de gestion immobili\u00e8re exceptionnels, adapt\u00e9s \u00e0 vos besoins sp\u00e9cifiques.<\/strong><\/p>\n<p>[\/et_pb_text][et_pb_text _builder_version=\u00a0\u00bb4.27.4&Prime; _module_preset=\u00a0\u00bbacbf8aa7-8c1d-4763-86a3-512d8ad11f3d\u00a0\u00bb text_text_color=\u00a0\u00bb#FFFFFF\u00a0\u00bb link_text_color=\u00a0\u00bb#FFFFFF\u00a0\u00bb custom_margin=\u00a0\u00bb||10px||false|false\u00a0\u00bb link_option_url=\u00a0\u00bbhttps:\/\/debaronimmobilier.fr\/index.php\/servives\/\u00a0\u00bb locked=\u00a0\u00bboff\u00a0\u00bb global_colors_info=\u00a0\u00bb{}\u00a0\u00bb]<\/p>\n<p><a href=\"#\">Mention l\u00e9gales et politique de confidentialit\u00e9<\/a><\/p>\n<p>[\/et_pb_text][\/et_pb_column][et_pb_column type=\u00a0\u00bb1_4&Prime; _builder_version=\u00a0\u00bb4.22.0&Prime; _module_preset=\u00a0\u00bbdefault\u00a0\u00bb global_colors_info=\u00a0\u00bb{}\u00a0\u00bb][et_pb_text _builder_version=\u00a0\u00bb4.27.4&Prime; _module_preset=\u00a0\u00bbacbf8aa7-8c1d-4763-86a3-512d8ad11f3d\u00a0\u00bb text_text_color=\u00a0\u00bb#FFFFFF\u00a0\u00bb link_text_color=\u00a0\u00bb#FFFFFF\u00a0\u00bb custom_margin=\u00a0\u00bb||10px||false|false\u00a0\u00bb link_option_url=\u00a0\u00bbhttps:\/\/debaronimmobilier.fr\/index.php\/464-2\/\u00a0\u00bb global_colors_info=\u00a0\u00bb{}\u00a0\u00bb]\u00c0 propos[\/et_pb_text][et_pb_text _builder_version=\u00a0\u00bb4.27.4&Prime; _module_preset=\u00a0\u00bbacbf8aa7-8c1d-4763-86a3-512d8ad11f3d\u00a0\u00bb text_text_color=\u00a0\u00bb#FFFFFF\u00a0\u00bb link_text_color=\u00a0\u00bb#FFFFFF\u00a0\u00bb custom_margin=\u00a0\u00bb||10px||false|false\u00a0\u00bb link_option_url=\u00a0\u00bbhttps:\/\/debaronimmobilier.fr\/index.php\/servives\/\u00a0\u00bb global_colors_info=\u00a0\u00bb{}\u00a0\u00bb]<\/p>\n<p><a href=\"#\">Services<\/a><\/p>\n<p>[\/et_pb_text][et_pb_text _builder_version=\u00a0\u00bb4.22.0&Prime; _module_preset=\u00a0\u00bbacbf8aa7-8c1d-4763-86a3-512d8ad11f3d\u00a0\u00bb text_text_color=\u00a0\u00bb#FFFFFF\u00a0\u00bb link_text_color=\u00a0\u00bb#FFFFFF\u00a0\u00bb custom_margin=\u00a0\u00bb||10px||false|false\u00a0\u00bb global_colors_info=\u00a0\u00bb{}\u00a0\u00bb]<a href=\"#\">Blog<\/a>[\/et_pb_text][et_pb_text _builder_version=\u00a0\u00bb4.22.0&Prime; _module_preset=\u00a0\u00bbacbf8aa7-8c1d-4763-86a3-512d8ad11f3d\u00a0\u00bb text_text_color=\u00a0\u00bb#FFFFFF\u00a0\u00bb link_text_color=\u00a0\u00bb#FFFFFF\u00a0\u00bb custom_margin=\u00a0\u00bb||10px||false|false\u00a0\u00bb global_colors_info=\u00a0\u00bb{}\u00a0\u00bb]<a href=\"#\">How We Work<\/a>[\/et_pb_text][\/et_pb_column][et_pb_column type=\u00a0\u00bb1_4&Prime; _builder_version=\u00a0\u00bb4.22.0&Prime; _module_preset=\u00a0\u00bbdefault\u00a0\u00bb global_colors_info=\u00a0\u00bb{}\u00a0\u00bb][et_pb_text _builder_version=\u00a0\u00bb4.22.0&Prime; _module_preset=\u00a0\u00bbacbf8aa7-8c1d-4763-86a3-512d8ad11f3d\u00a0\u00bb text_text_color=\u00a0\u00bb#FFFFFF\u00a0\u00bb link_text_color=\u00a0\u00bb#FFFFFF\u00a0\u00bb custom_margin=\u00a0\u00bb||10px||false|false\u00a0\u00bb locked=\u00a0\u00bboff\u00a0\u00bb global_colors_info=\u00a0\u00bb{}\u00a0\u00bb]<a href=\"#\">FAQ<\/a>[\/et_pb_text][et_pb_text _builder_version=\u00a0\u00bb4.22.0&Prime; _module_preset=\u00a0\u00bbacbf8aa7-8c1d-4763-86a3-512d8ad11f3d\u00a0\u00bb text_text_color=\u00a0\u00bb#FFFFFF\u00a0\u00bb link_text_color=\u00a0\u00bb#FFFFFF\u00a0\u00bb custom_margin=\u00a0\u00bb||10px||false|false\u00a0\u00bb locked=\u00a0\u00bboff\u00a0\u00bb global_colors_info=\u00a0\u00bb{}\u00a0\u00bb]<a href=\"#\">Contact<\/a>[\/et_pb_text][et_pb_text _builder_version=\u00a0\u00bb4.22.0&Prime; _module_preset=\u00a0\u00bbacbf8aa7-8c1d-4763-86a3-512d8ad11f3d\u00a0\u00bb text_text_color=\u00a0\u00bb#FFFFFF\u00a0\u00bb link_text_color=\u00a0\u00bb#FFFFFF\u00a0\u00bb custom_margin=\u00a0\u00bb||10px||false|false\u00a0\u00bb locked=\u00a0\u00bboff\u00a0\u00bb global_colors_info=\u00a0\u00bb{}\u00a0\u00bb]<a href=\"#\">Career<\/a>[\/et_pb_text][\/et_pb_column][\/et_pb_row][et_pb_row _builder_version=\u00a0\u00bb4.22.0&Prime; _module_preset=\u00a0\u00bbdefault\u00a0\u00bb global_colors_info=\u00a0\u00bb{}\u00a0\u00bb][et_pb_column type=\u00a0\u00bb4_4&Prime; _builder_version=\u00a0\u00bb4.22.0&Prime; _module_preset=\u00a0\u00bbdefault\u00a0\u00bb global_colors_info=\u00a0\u00bb{}\u00a0\u00bb][et_pb_text _builder_version=\u00a0\u00bb4.22.0&Prime; _dynamic_attributes=\u00a0\u00bbcontent\u00a0\u00bb _module_preset=\u00a0\u00bbacbf8aa7-8c1d-4763-86a3-512d8ad11f3d\u00a0\u00bb text_orientation=\u00a0\u00bbcenter\u00a0\u00bb global_colors_info=\u00a0\u00bb{}\u00a0\u00bb]@ET-DC@eyJkeW5hbWljIjp0cnVlLCJjb250ZW50IjoiY3VycmVudF9kYXRlIiwic2V0dGluZ3MiOnsiYmVmb3JlIjoiQ29weXJpZ2h0ICZjb3B5OyAiLCJhZnRlciI6IiBEaXZpLiBBbGwgUmlnaHRzIFJlc2VydmVkLiIsImRhdGVfZm9ybWF0IjoiY3VzdG9tIiwiY3VzdG9tX2RhdGVfZm9ybWF0IjoiWSJ9fQ==@[\/et_pb_text][\/et_pb_column][\/et_pb_row][\/et_pb_section]<\/p>\n","protected":false},"excerpt":{"rendered":"<p>\u00c0 proposDepuis 2013, je suis sp\u00e9cialis\u00e9e en gestion locative, un domaine qui me passionne pour sa richesse humaine et technique. En 2021, j\u2019ai d\u00e9cid\u00e9 de me lancer en tant qu\u2019ind\u00e9pendante pour offrir une approche diff\u00e9rente, loin des m\u00e9thodes traditionnelles des agences immobili\u00e8res. Mon objectif ? Vous proposer un accompagnement personnalis\u00e9 et adapt\u00e9 \u00e0 vos besoins. [&hellip;]<\/p>\n","protected":false},"author":1,"featured_media":0,"parent":0,"menu_order":0,"comment_status":"closed","ping_status":"closed","template":"","meta":{"_et_pb_use_builder":"on","_et_pb_old_content":"","_et_gb_content_width":"","footnotes":""},"class_list":["post-288","page","type-page","status-publish","hentry"],"yoast_head":"<!-- This site is optimized with the Yoast SEO plugin v24.5 - https:\/\/yoast.com\/wordpress\/plugins\/seo\/ -->\n<title>Accueil - De Baron Immobilier<\/title>\n<meta name=\"robots\" content=\"index, follow, max-snippet:-1, max-image-preview:large, max-video-preview:-1\" \/>\n<link rel=\"canonical\" href=\"https:\/\/debaronimmobilier.fr\/\" \/>\n<meta property=\"og:locale\" content=\"fr_FR\" \/>\n<meta property=\"og:type\" content=\"article\" \/>\n<meta property=\"og:title\" content=\"Accueil - De Baron Immobilier\" \/>\n<meta property=\"og:description\" content=\"\u00c0 proposDepuis 2013, je suis sp\u00e9cialis\u00e9e en gestion locative, un domaine qui me passionne pour sa richesse humaine et technique. En 2021, j\u2019ai d\u00e9cid\u00e9 de me lancer en tant qu\u2019ind\u00e9pendante pour offrir une approche diff\u00e9rente, loin des m\u00e9thodes traditionnelles des agences immobili\u00e8res. Mon objectif ? Vous proposer un accompagnement personnalis\u00e9 et adapt\u00e9 \u00e0 vos besoins. [&hellip;]\" \/>\n<meta property=\"og:url\" content=\"https:\/\/debaronimmobilier.fr\/\" \/>\n<meta property=\"og:site_name\" content=\"De Baron Immobilier\" \/>\n<meta property=\"article:publisher\" content=\"https:\/\/www.facebook.com\/DeBaronImmobilier\" \/>\n<meta property=\"article:modified_time\" content=\"2025-02-16T21:17:05+00:00\" \/>\n<meta name=\"twitter:card\" content=\"summary_large_image\" \/>\n<meta name=\"twitter:label1\" content=\"Dur\u00e9e de lecture estim\u00e9e\" \/>\n\t<meta name=\"twitter:data1\" content=\"16 minutes\" \/>\n<script type=\"application\/ld+json\" class=\"yoast-schema-graph\">{\"@context\":\"https:\/\/schema.org\",\"@graph\":[{\"@type\":\"WebPage\",\"@id\":\"https:\/\/debaronimmobilier.fr\/\",\"url\":\"https:\/\/debaronimmobilier.fr\/\",\"name\":\"Accueil - De Baron Immobilier\",\"isPartOf\":{\"@id\":\"https:\/\/debaronimmobilier.fr\/#website\"},\"datePublished\":\"2025-01-09T08:03:21+00:00\",\"dateModified\":\"2025-02-16T21:17:05+00:00\",\"breadcrumb\":{\"@id\":\"https:\/\/debaronimmobilier.fr\/#breadcrumb\"},\"inLanguage\":\"fr-FR\",\"potentialAction\":[{\"@type\":\"ReadAction\",\"target\":[\"https:\/\/debaronimmobilier.fr\/\"]}]},{\"@type\":\"BreadcrumbList\",\"@id\":\"https:\/\/debaronimmobilier.fr\/#breadcrumb\",\"itemListElement\":[{\"@type\":\"ListItem\",\"position\":1,\"name\":\"Accueil\",\"item\":\"https:\/\/debaronimmobilier.fr\/\"},{\"@type\":\"ListItem\",\"position\":2,\"name\":\"Accueil\"}]},{\"@type\":\"WebSite\",\"@id\":\"https:\/\/debaronimmobilier.fr\/#website\",\"url\":\"https:\/\/debaronimmobilier.fr\/\",\"name\":\"De Baron Immobilier\",\"description\":\"Sp\u00e9cialiste de la gestion locative et des investissements rentables dans les Alpes-Maritimes\",\"publisher\":{\"@id\":\"https:\/\/debaronimmobilier.fr\/#organization\"},\"potentialAction\":[{\"@type\":\"SearchAction\",\"target\":{\"@type\":\"EntryPoint\",\"urlTemplate\":\"https:\/\/debaronimmobilier.fr\/?s={search_term_string}\"},\"query-input\":{\"@type\":\"PropertyValueSpecification\",\"valueRequired\":true,\"valueName\":\"search_term_string\"}}],\"inLanguage\":\"fr-FR\"},{\"@type\":\"Organization\",\"@id\":\"https:\/\/debaronimmobilier.fr\/#organization\",\"name\":\"De Baron Immobilier\",\"url\":\"https:\/\/debaronimmobilier.fr\/\",\"logo\":{\"@type\":\"ImageObject\",\"inLanguage\":\"fr-FR\",\"@id\":\"https:\/\/debaronimmobilier.fr\/#\/schema\/logo\/image\/\",\"url\":\"https:\/\/debaronimmobilier.fr\/wp-content\/uploads\/2025\/01\/BC1BBF37-8BF7-441B-90E5-2CBF9BB175AF.png\",\"contentUrl\":\"https:\/\/debaronimmobilier.fr\/wp-content\/uploads\/2025\/01\/BC1BBF37-8BF7-441B-90E5-2CBF9BB175AF.png\",\"width\":500,\"height\":500,\"caption\":\"De Baron Immobilier\"},\"image\":{\"@id\":\"https:\/\/debaronimmobilier.fr\/#\/schema\/logo\/image\/\"},\"sameAs\":[\"https:\/\/www.facebook.com\/DeBaronImmobilier\",\"https:\/\/www.instagram.com\/de_baron_immobilier\/\"]}]}<\/script>\n<!-- \/ Yoast SEO plugin. -->","yoast_head_json":{"title":"Accueil - De Baron Immobilier","robots":{"index":"index","follow":"follow","max-snippet":"max-snippet:-1","max-image-preview":"max-image-preview:large","max-video-preview":"max-video-preview:-1"},"canonical":"https:\/\/debaronimmobilier.fr\/","og_locale":"fr_FR","og_type":"article","og_title":"Accueil - De Baron Immobilier","og_description":"\u00c0 proposDepuis 2013, je suis sp\u00e9cialis\u00e9e en gestion locative, un domaine qui me passionne pour sa richesse humaine et technique. En 2021, j\u2019ai d\u00e9cid\u00e9 de me lancer en tant qu\u2019ind\u00e9pendante pour offrir une approche diff\u00e9rente, loin des m\u00e9thodes traditionnelles des agences immobili\u00e8res. Mon objectif ? Vous proposer un accompagnement personnalis\u00e9 et adapt\u00e9 \u00e0 vos besoins. [&hellip;]","og_url":"https:\/\/debaronimmobilier.fr\/","og_site_name":"De Baron Immobilier","article_publisher":"https:\/\/www.facebook.com\/DeBaronImmobilier","article_modified_time":"2025-02-16T21:17:05+00:00","twitter_card":"summary_large_image","twitter_misc":{"Dur\u00e9e de lecture estim\u00e9e":"16 minutes"},"schema":{"@context":"https:\/\/schema.org","@graph":[{"@type":"WebPage","@id":"https:\/\/debaronimmobilier.fr\/","url":"https:\/\/debaronimmobilier.fr\/","name":"Accueil - De Baron Immobilier","isPartOf":{"@id":"https:\/\/debaronimmobilier.fr\/#website"},"datePublished":"2025-01-09T08:03:21+00:00","dateModified":"2025-02-16T21:17:05+00:00","breadcrumb":{"@id":"https:\/\/debaronimmobilier.fr\/#breadcrumb"},"inLanguage":"fr-FR","potentialAction":[{"@type":"ReadAction","target":["https:\/\/debaronimmobilier.fr\/"]}]},{"@type":"BreadcrumbList","@id":"https:\/\/debaronimmobilier.fr\/#breadcrumb","itemListElement":[{"@type":"ListItem","position":1,"name":"Accueil","item":"https:\/\/debaronimmobilier.fr\/"},{"@type":"ListItem","position":2,"name":"Accueil"}]},{"@type":"WebSite","@id":"https:\/\/debaronimmobilier.fr\/#website","url":"https:\/\/debaronimmobilier.fr\/","name":"De Baron Immobilier","description":"Sp\u00e9cialiste de la gestion locative et des investissements rentables dans les Alpes-Maritimes","publisher":{"@id":"https:\/\/debaronimmobilier.fr\/#organization"},"potentialAction":[{"@type":"SearchAction","target":{"@type":"EntryPoint","urlTemplate":"https:\/\/debaronimmobilier.fr\/?s={search_term_string}"},"query-input":{"@type":"PropertyValueSpecification","valueRequired":true,"valueName":"search_term_string"}}],"inLanguage":"fr-FR"},{"@type":"Organization","@id":"https:\/\/debaronimmobilier.fr\/#organization","name":"De Baron Immobilier","url":"https:\/\/debaronimmobilier.fr\/","logo":{"@type":"ImageObject","inLanguage":"fr-FR","@id":"https:\/\/debaronimmobilier.fr\/#\/schema\/logo\/image\/","url":"https:\/\/debaronimmobilier.fr\/wp-content\/uploads\/2025\/01\/BC1BBF37-8BF7-441B-90E5-2CBF9BB175AF.png","contentUrl":"https:\/\/debaronimmobilier.fr\/wp-content\/uploads\/2025\/01\/BC1BBF37-8BF7-441B-90E5-2CBF9BB175AF.png","width":500,"height":500,"caption":"De Baron Immobilier"},"image":{"@id":"https:\/\/debaronimmobilier.fr\/#\/schema\/logo\/image\/"},"sameAs":["https:\/\/www.facebook.com\/DeBaronImmobilier","https:\/\/www.instagram.com\/de_baron_immobilier\/"]}]}},"jetpack_sharing_enabled":true,"_links":{"self":[{"href":"https:\/\/debaronimmobilier.fr\/index.php\/wp-json\/wp\/v2\/pages\/288","targetHints":{"allow":["GET"]}}],"collection":[{"href":"https:\/\/debaronimmobilier.fr\/index.php\/wp-json\/wp\/v2\/pages"}],"about":[{"href":"https:\/\/debaronimmobilier.fr\/index.php\/wp-json\/wp\/v2\/types\/page"}],"author":[{"embeddable":true,"href":"https:\/\/debaronimmobilier.fr\/index.php\/wp-json\/wp\/v2\/users\/1"}],"replies":[{"embeddable":true,"href":"https:\/\/debaronimmobilier.fr\/index.php\/wp-json\/wp\/v2\/comments?post=288"}],"version-history":[{"count":184,"href":"https:\/\/debaronimmobilier.fr\/index.php\/wp-json\/wp\/v2\/pages\/288\/revisions"}],"predecessor-version":[{"id":742,"href":"https:\/\/debaronimmobilier.fr\/index.php\/wp-json\/wp\/v2\/pages\/288\/revisions\/742"}],"wp:attachment":[{"href":"https:\/\/debaronimmobilier.fr\/index.php\/wp-json\/wp\/v2\/media?parent=288"}],"curies":[{"name":"wp","href":"https:\/\/api.w.org\/{rel}","templated":true}]}}